{"id":5,"date":"2021-02-17T19:04:47","date_gmt":"2021-02-17T19:04:47","guid":{"rendered":"https:\/\/www.sk-haarexperten.de\/barbershop-radebeul\/?page_id=5"},"modified":"2022-07-10T11:31:06","modified_gmt":"2022-07-10T11:31:06","slug":"create-your-website-with-blocks","status":"publish","type":"page","link":"https:\/\/www.sk-haarexperten.de\/barbershop-radebeul\/","title":{"rendered":"BARBERSHOP"},"content":{"rendered":"\n<figure class=\"wp-block-image alignwide size-large\"><img loading=\"lazy\" decoding=\"async\" width=\"1024\" height=\"683\" src=\"https:\/\/www.sk-haarexperten.de\/barbershop-radebeul\/wp-content\/uploads\/2021\/02\/Barbershop_1-print-1024x683.jpg\" alt=\"\" class=\"wp-image-57\" srcset=\"https:\/\/www.sk-haarexperten.de\/barbershop-radebeul\/wp-content\/uploads\/2021\/02\/Barbershop_1-print-1024x683.jpg 1024w, https:\/\/www.sk-haarexperten.de\/barbershop-radebeul\/wp-content\/uploads\/2021\/02\/Barbershop_1-print-300x200.jpg 300w, https:\/\/www.sk-haarexperten.de\/barbershop-radebeul\/wp-content\/uploads\/2021\/02\/Barbershop_1-print-768x512.jpg 768w, https:\/\/www.sk-haarexperten.de\/barbershop-radebeul\/wp-content\/uploads\/2021\/02\/Barbershop_1-print-1536x1024.jpg 1536w, https:\/\/www.sk-haarexperten.de\/barbershop-radebeul\/wp-content\/uploads\/2021\/02\/Barbershop_1-print-2048x1365.jpg 2048w, https:\/\/www.sk-haarexperten.de\/barbershop-radebeul\/wp-content\/uploads\/2021\/02\/Barbershop_1-print-1568x1045.jpg 1568w\" sizes=\"(max-width: 1024px) 100vw, 1024px\" \/><\/figure>\n\n\n\n<div class=\"wp-block-columns alignwide is-layout-flex wp-container-core-columns-layout-1 wp-block-columns-is-layout-flex\">\n<div class=\"wp-block-column is-layout-flow wp-block-column-is-layout-flow\" style=\"flex-basis:33.33%\"><\/div>\n\n\n\n<div class=\"wp-block-column is-layout-flow wp-block-column-is-layout-flow\" style=\"flex-basis:66.66%\">\n<p>SEHRISH KHAN und ihr Team vereinen Service, Qualit\u00e4t und Kreativit\u00e4t. Im Herzen von Radebeul bieten wir ausgew\u00e4hlte Barbierdienstleistungen f\u00fcr Herren an.<\/p>\n\n\n\n<p><\/p>\n<\/div>\n<\/div>\n\n\n\n<div style=\"height:100px\" aria-hidden=\"true\" class=\"wp-block-spacer\"><\/div>\n\n\n\n<h2 class=\"alignwide has-text-align-left wp-block-heading\" id=\"news\">NEWS<\/h2>\n\n\n\n<div class=\"wp-block-columns alignwide is-layout-flex wp-container-core-columns-layout-2 wp-block-columns-is-layout-flex\">\n<div class=\"wp-block-column is-layout-flow wp-block-column-is-layout-flow\" style=\"flex-basis:33.33%\">\n<figure class=\"wp-block-image size-large is-style-default\"><img loading=\"lazy\" decoding=\"async\" width=\"1024\" height=\"683\" src=\"https:\/\/www.sk-haarexperten.de\/barbershop-radebeul\/wp-content\/uploads\/2021\/02\/Einblick-print-1024x683.jpg\" alt=\"\" class=\"wp-image-50\" srcset=\"https:\/\/www.sk-haarexperten.de\/barbershop-radebeul\/wp-content\/uploads\/2021\/02\/Einblick-print-1024x683.jpg 1024w, https:\/\/www.sk-haarexperten.de\/barbershop-radebeul\/wp-content\/uploads\/2021\/02\/Einblick-print-300x200.jpg 300w, https:\/\/www.sk-haarexperten.de\/barbershop-radebeul\/wp-content\/uploads\/2021\/02\/Einblick-print-768x512.jpg 768w, https:\/\/www.sk-haarexperten.de\/barbershop-radebeul\/wp-content\/uploads\/2021\/02\/Einblick-print-1536x1024.jpg 1536w, https:\/\/www.sk-haarexperten.de\/barbershop-radebeul\/wp-content\/uploads\/2021\/02\/Einblick-print-2048x1365.jpg 2048w, https:\/\/www.sk-haarexperten.de\/barbershop-radebeul\/wp-content\/uploads\/2021\/02\/Einblick-print-1568x1045.jpg 1568w\" sizes=\"(max-width: 1024px) 100vw, 1024px\" \/><\/figure>\n<\/div>\n\n\n\n<div class=\"wp-block-column is-vertically-aligned-center is-layout-flow wp-block-column-is-layout-flow\" style=\"flex-basis:66.66%\">\n<p class=\"has-text-align-left\"><strong><strong>Neue \u00d6ffnungszeiten ab dem 01.06.2021!<\/strong><\/strong><\/p>\n\n\n\n<figure class=\"wp-block-table\"><table><tbody><tr><td><strong>Montag<\/strong><\/td><td><strong>geschlossen<\/strong><\/td><\/tr><tr><td><strong>Dienstag-Freitag<\/strong><\/td><td><strong>10:00 \u2013 20:00 Uhr<\/strong><\/td><\/tr><tr><td><strong>Samstag<\/strong><\/td><td><strong>&nbsp;&nbsp;9:00 \u2013 17:00 Uhr<\/strong><\/td><\/tr><\/tbody><\/table><\/figure>\n\n\n\n<p class=\"has-text-align-left\">Wir freuen uns auf euren und Ihren Besuch, das Team von Sehrish Khan HAAREXPERTEN<\/p>\n<\/div>\n<\/div>\n\n\n\n<div style=\"height:100px\" aria-hidden=\"true\" class=\"wp-block-spacer\"><\/div>\n\n\n\n<div class=\"wp-block-columns alignwide is-layout-flex wp-container-core-columns-layout-3 wp-block-columns-is-layout-flex\">\n<div class=\"wp-block-column is-layout-flow wp-block-column-is-layout-flow\" style=\"flex-basis:33.33%\">\n<figure class=\"wp-block-image size-large is-style-default\"><img loading=\"lazy\" decoding=\"async\" width=\"1024\" height=\"683\" src=\"https:\/\/www.sk-haarexperten.de\/barbershop-radebeul\/wp-content\/uploads\/2021\/02\/Detail_2-print-1024x683.jpg\" alt=\"\" class=\"wp-image-52\" srcset=\"https:\/\/www.sk-haarexperten.de\/barbershop-radebeul\/wp-content\/uploads\/2021\/02\/Detail_2-print-1024x683.jpg 1024w, https:\/\/www.sk-haarexperten.de\/barbershop-radebeul\/wp-content\/uploads\/2021\/02\/Detail_2-print-300x200.jpg 300w, https:\/\/www.sk-haarexperten.de\/barbershop-radebeul\/wp-content\/uploads\/2021\/02\/Detail_2-print-768x512.jpg 768w, https:\/\/www.sk-haarexperten.de\/barbershop-radebeul\/wp-content\/uploads\/2021\/02\/Detail_2-print-1536x1024.jpg 1536w, https:\/\/www.sk-haarexperten.de\/barbershop-radebeul\/wp-content\/uploads\/2021\/02\/Detail_2-print-2048x1365.jpg 2048w, https:\/\/www.sk-haarexperten.de\/barbershop-radebeul\/wp-content\/uploads\/2021\/02\/Detail_2-print-1568x1045.jpg 1568w\" sizes=\"(max-width: 1024px) 100vw, 1024px\" \/><\/figure>\n<\/div>\n\n\n\n<div class=\"wp-block-column is-vertically-aligned-center is-layout-flow wp-block-column-is-layout-flow\" style=\"flex-basis:66.66%\">\n<p><strong>Gutscheine \u2013 als passendes Geschenk<\/strong><\/p>\n\n\n\n<p>Ihr seid auf der Suche nach einem passenden Geschenk? Dann verschenkt doch einfach einen Gutschein von SEHRISH KHAN \u2013 Barbershop. Dieser kann f\u00fcr unser gesamtes Produktportfolio eingel\u00f6st werden. Und das Beste daran ist, dass es ab einem Gutscheinwert von 100\u20ac ein Wellness-Treatment f\u00fcr den Gutscheininhaber im Wert von bis zu 10 \u20ac von uns geschenkt gibt (z.B. orientalische Haarentfernung, reinigende Maske).<\/p>\n\n\n\n<p>Schreibt uns eine Mail oder kommt zu uns in den Laden und kauft einen Gutschein!<\/p>\n<\/div>\n<\/div>\n\n\n\n<div style=\"height:100px\" aria-hidden=\"true\" class=\"wp-block-spacer\"><\/div>\n\n\n\n<h2 class=\"alignwide wp-block-heading\" id=\"team\">TEAM<\/h2>\n\n\n\n<div class=\"wp-block-columns alignwide is-layout-flex wp-container-core-columns-layout-4 wp-block-columns-is-layout-flex\">\n<div class=\"wp-block-column is-layout-flow wp-block-column-is-layout-flow\">\n<figure class=\"wp-block-image size-large\"><img loading=\"lazy\" decoding=\"async\" width=\"1496\" height=\"1500\" src=\"https:\/\/www.sk-haarexperten.de\/barbershop-radebeul\/wp-content\/uploads\/2021\/02\/Sehrish-web-edited.jpg\" alt=\"\" class=\"wp-image-67\" srcset=\"https:\/\/www.sk-haarexperten.de\/barbershop-radebeul\/wp-content\/uploads\/2021\/02\/Sehrish-web-edited.jpg 1496w, https:\/\/www.sk-haarexperten.de\/barbershop-radebeul\/wp-content\/uploads\/2021\/02\/Sehrish-web-edited-300x300.jpg 300w, https:\/\/www.sk-haarexperten.de\/barbershop-radebeul\/wp-content\/uploads\/2021\/02\/Sehrish-web-edited-1021x1024.jpg 1021w, https:\/\/www.sk-haarexperten.de\/barbershop-radebeul\/wp-content\/uploads\/2021\/02\/Sehrish-web-edited-150x150.jpg 150w, https:\/\/www.sk-haarexperten.de\/barbershop-radebeul\/wp-content\/uploads\/2021\/02\/Sehrish-web-edited-768x770.jpg 768w\" sizes=\"(max-width: 1496px) 100vw, 1496px\" \/><\/figure>\n\n\n\n<h4 class=\"has-text-align-center wp-block-heading\">Sehrish<\/h4>\n\n\n\n<p class=\"has-text-align-center\">Inhaberin &amp; Stylistin<\/p>\n<\/div>\n\n\n\n<div class=\"wp-block-column is-layout-flow wp-block-column-is-layout-flow\">\n<figure class=\"wp-block-image size-large\"><img loading=\"lazy\" decoding=\"async\" width=\"1496\" height=\"1500\" src=\"https:\/\/www.sk-haarexperten.de\/barbershop-radebeul\/wp-content\/uploads\/2021\/02\/Bilawal-web-edited.jpg\" alt=\"\" class=\"wp-image-68\" srcset=\"https:\/\/www.sk-haarexperten.de\/barbershop-radebeul\/wp-content\/uploads\/2021\/02\/Bilawal-web-edited.jpg 1496w, https:\/\/www.sk-haarexperten.de\/barbershop-radebeul\/wp-content\/uploads\/2021\/02\/Bilawal-web-edited-300x300.jpg 300w, https:\/\/www.sk-haarexperten.de\/barbershop-radebeul\/wp-content\/uploads\/2021\/02\/Bilawal-web-edited-1021x1024.jpg 1021w, https:\/\/www.sk-haarexperten.de\/barbershop-radebeul\/wp-content\/uploads\/2021\/02\/Bilawal-web-edited-150x150.jpg 150w, https:\/\/www.sk-haarexperten.de\/barbershop-radebeul\/wp-content\/uploads\/2021\/02\/Bilawal-web-edited-768x770.jpg 768w\" sizes=\"(max-width: 1496px) 100vw, 1496px\" \/><\/figure>\n\n\n\n<h4 class=\"has-text-align-center wp-block-heading\">Bilawal<\/h4>\n\n\n\n<p class=\"has-text-align-center\">Service &amp; Rezeption<\/p>\n<\/div>\n\n\n\n<div class=\"wp-block-column is-layout-flow wp-block-column-is-layout-flow\">\n<figure class=\"wp-block-image size-large\"><img loading=\"lazy\" decoding=\"async\" width=\"1024\" height=\"1024\" src=\"https:\/\/www.sk-haarexperten.de\/barbershop-radebeul\/wp-content\/uploads\/2021\/02\/Stellenanzeige.jpg\" alt=\"\" class=\"wp-image-69\" srcset=\"https:\/\/www.sk-haarexperten.de\/barbershop-radebeul\/wp-content\/uploads\/2021\/02\/Stellenanzeige.jpg 1024w, https:\/\/www.sk-haarexperten.de\/barbershop-radebeul\/wp-content\/uploads\/2021\/02\/Stellenanzeige-300x300.jpg 300w, https:\/\/www.sk-haarexperten.de\/barbershop-radebeul\/wp-content\/uploads\/2021\/02\/Stellenanzeige-150x150.jpg 150w, https:\/\/www.sk-haarexperten.de\/barbershop-radebeul\/wp-content\/uploads\/2021\/02\/Stellenanzeige-768x768.jpg 768w\" sizes=\"(max-width: 1024px) 100vw, 1024px\" \/><\/figure>\n\n\n\n<h4 class=\"wp-block-heading\">Hier k\u00f6nnte dein Name stehen!<\/h4>\n\n\n\n<p>Bewirb dich mit einer aussagekr\u00e4ftigen Bewerbung bei uns.<\/p>\n<\/div>\n<\/div>\n\n\n\n<div style=\"height:100px\" aria-hidden=\"true\" class=\"wp-block-spacer\"><\/div>\n\n\n\n<h2 class=\"alignwide wp-block-heading\" id=\"preise\">PREISE<\/h2>\n\n\n\n<p>Unsere Preise richten sich nach dem Zeitaufwand (je nach Haarl\u00e4nge, Haartyp oder Schnitttechnik).<\/p>\n\n\n\n<figure class=\"wp-block-table is-style-stripes\"><table><tbody><tr><td>&nbsp;<\/td><td><strong>Topbarbier<\/strong><\/td><\/tr><tr><td>Herrenschnitt<\/td><td>ab 25 \u20ac<\/td><\/tr><tr><td>Bartpflege<\/td><td>ab 25 \u20ac<\/td><\/tr><tr><td>Herrenschnitt &amp; Bartpflege (Paketpreis)<\/td><td>ab 38 \u20ac<\/td><\/tr><tr><td>Hei\u00dfwax<\/td><td>ab 5 \u20ac<\/td><\/tr><tr><td>Orientalische Fadentechnik Barber<\/td><td>ab 5 \u20ac<\/td><\/tr><tr><td>Reinigende Gesichtsmaske<\/td><td>ab 5 \u20ac<\/td><\/tr><\/tbody><\/table><\/figure>\n\n\n\n<div style=\"height:100px\" aria-hidden=\"true\" class=\"wp-block-spacer\"><\/div>\n\n\n\n<h2 class=\"alignwide wp-block-heading\" id=\"kontakt\">KONTAKT<\/h2>\n\n\n\n<div class=\"wp-block-columns alignwide is-layout-flex wp-container-core-columns-layout-5 wp-block-columns-is-layout-flex\">\n<div class=\"wp-block-column is-layout-flow wp-block-column-is-layout-flow\" style=\"flex-basis:50%\">\n<p class=\"has-text-align-center\"><strong>SEHRISH KHAN<br>BARBERSHOP<\/strong><\/p>\n\n\n\n<p class=\"has-text-align-center\">Hauptstra\u00dfe 8<br>01445 Radebeul &#8211; Ost<\/p>\n\n\n\n<p class=\"has-text-align-center\">0351 \/ 79 62 55 63<br><a href=\"mailto:info@sk-haarexperten.de\">info@sk-haarexperten.de<\/a><\/p>\n<\/div>\n\n\n\n<div class=\"wp-block-column is-layout-flow wp-block-column-is-layout-flow\" style=\"flex-basis:33.33%\">\n<h4 class=\"wp-block-heading\">\u00d6ffnungszeiten<\/h4>\n\n\n\n<figure class=\"wp-block-table is-style-stripes\"><table><tbody><tr><td>Mo.<\/td><td>geschlossen<\/td><\/tr><tr><td>Di.<\/td><td>10 \u2013 20 Uhr<\/td><\/tr><tr><td>Mi.<\/td><td>10 \u2013 20 Uhr<\/td><\/tr><tr><td>Do.<\/td><td>10 &#8211; 20 Uhr&nbsp;<\/td><\/tr><tr><td>Fr.<\/td><td>10 \u2013 20 Uhr<\/td><\/tr><tr><td>Sa.<\/td><td>9 \u2013 17 Uhr<\/td><\/tr><\/tbody><\/table><\/figure>\n<\/div>\n<\/div>\n\n\n\n<p><\/p>\n","protected":false},"excerpt":{"rendered":"<p>SEHRISH KHAN und ihr Team vereinen Service, Qualit\u00e4t und Kreativit\u00e4t. Im Herzen von Radebeul bieten wir ausgew\u00e4hlte Barbierdienstleistungen f\u00fcr Herren an. NEWS Neue \u00d6ffnungszeiten ab dem 01.06.2021! Montag geschlossen Dienstag-Freitag 10:00 \u2013 20:00 Uhr Samstag &nbsp;&nbsp;9:00 \u2013 17:00 Uhr Wir freuen uns auf euren und Ihren Besuch, das Team von Sehrish Khan HAAREXPERTEN Gutscheine \u2013&hellip; <a class=\"more-link\" href=\"https:\/\/www.sk-haarexperten.de\/barbershop-radebeul\/\"><span class=\"screen-reader-text\">BARBERSHOP<\/span> weiterlesen<\/a><\/p>\n","protected":false},"author":1,"featured_media":0,"parent":0,"menu_order":0,"comment_status":"closed","ping_status":"closed","template":"","meta":{"footnotes":""},"_links":{"self":[{"href":"https:\/\/www.sk-haarexperten.de\/barbershop-radebeul\/index.php\/wp-json\/wp\/v2\/pages\/5"}],"collection":[{"href":"https:\/\/www.sk-haarexperten.de\/barbershop-radebeul\/index.php\/wp-json\/wp\/v2\/pages"}],"about":[{"href":"https:\/\/www.sk-haarexperten.de\/barbershop-radebeul\/index.php\/wp-json\/wp\/v2\/types\/page"}],"author":[{"embeddable":true,"href":"https:\/\/www.sk-haarexperten.de\/barbershop-radebeul\/index.php\/wp-json\/wp\/v2\/users\/1"}],"replies":[{"embeddable":true,"href":"https:\/\/www.sk-haarexperten.de\/barbershop-radebeul\/index.php\/wp-json\/wp\/v2\/comments?post=5"}],"version-history":[{"count":18,"href":"https:\/\/www.sk-haarexperten.de\/barbershop-radebeul\/index.php\/wp-json\/wp\/v2\/pages\/5\/revisions"}],"predecessor-version":[{"id":106,"href":"https:\/\/www.sk-haarexperten.de\/barbershop-radebeul\/index.php\/wp-json\/wp\/v2\/pages\/5\/revisions\/106"}],"wp:attachment":[{"href":"https:\/\/www.sk-haarexperten.de\/barbershop-radebeul\/index.php\/wp-json\/wp\/v2\/media?parent=5"}],"curies":[{"name":"wp","href":"https:\/\/api.w.org\/{rel}","templated":true}]}}